{"id":5110,"date":"2024-02-27T13:17:17","date_gmt":"2024-02-27T12:17:17","guid":{"rendered":"https:\/\/monta.com\/fr\/?page_id=5110"},"modified":"2025-12-12T14:09:34","modified_gmt":"2025-12-12T13:09:34","slug":"monta-charge","status":"publish","type":"page","link":"https:\/\/monta.com\/fr\/monta-charge\/","title":{"rendered":"Monta Charge"},"content":{"rendered":"<section aria-label=\"Le compagnon num\u00e9rique pour tous les styles de vie en VE\" class=\"bg-transparent text-charcoal  rounded-section\" >\n    <div class=\"grid grid-cols-1 md:grid-cols-12 gap-12 items-center\">\n                <div class=\"md:col-span-5\">\n                                                                <h1 class=\"h1 mb-10 \">\n                    Le compagnon num\u00e9rique pour tous les styles de vie en VE                <\/h1>\n                                                <div class=\"md:hidden block mb-10  -mx-4 \">\n                                    <img decoding=\"async\" title=\"Titre de l&#039;image : Carte de recharge Electra pour v\u00e9hicules \u00e9lectriques R\u00e9sum\u00e9 : Application de recharge pour v\u00e9hicules, montrant emplacement et prix.\" alt=\"Carte num\u00e9rique affichant des stations de recharge avec des informations sur la puissance et les tarifs, sur fond clair.\" src=\"https:\/\/monta.com\/app\/uploads\/sites\/21\/2025\/09\/Chargepage_hero-2.webp\" \/>\n                                                            <\/div>\n                        <div class=\"rich-text \">\n                <p><img loading=\"lazy\" decoding=\"async\" class=\"alignnone size-full wp-image-240\" src=\"https:\/\/monta.com\/app\/uploads\/2025\/07\/Monta-charge.svg\" alt=\"monta charge logo\" width=\"190\" height=\"28\" \/><\/p>\n<p id=\"text_block-2107-14608\" class=\"ct-text-block text--18 text--secondary-dark margin-bottom--l\">Gardez le contr\u00f4le de votre exp\u00e9rience de recharge, \u00e0 la maison, au travail et en d\u00e9placement. Monta Charge est l\u2019application de recharge de VE ultime, dot\u00e9e de fonctionnalit\u00e9s gratuites pour vous aider \u00e0 mieux recharger, o\u00f9 que vous soyez.<\/p>\n<div class=\"flex gap-4\"><a href=\"https:\/\/apps.apple.com\/da\/app\/monta-ev-charging\/id1535789146\" target=\"_blank\" rel=\"noopener\"><img loading=\"lazy\" decoding=\"async\" class=\"alignnone size-full wp-image-241\" src=\"https:\/\/monta.com\/app\/uploads\/sites\/21\/2025\/08\/app-store-fr.svg\" alt=\"app store logo\" width=\"138\" height=\"46\" \/><\/a><a href=\"https:\/\/play.google.com\/store\/apps\/details?id=com.montaapp.monta&amp;hl=en&amp;gl=US&amp;pli=1\" target=\"_blank\" rel=\"noopener\"><img loading=\"lazy\" decoding=\"async\" class=\"alignnone size-medium wp-image-242\" src=\"https:\/\/monta.com\/app\/uploads\/sites\/21\/2025\/08\/google-play-fr.svg\" alt=\"google play logo\" width=\"150\" height=\"46\" \/><\/a><\/div>\n\n            <\/div>\n                                                        <\/div>\n                <div class=\"md:col-span-6 md:col-start-7 -mr-4 md:-mr-10 justify-items-end hidden md:block\">\n                            <img decoding=\"async\" title=\"Titre de l'image : Carte de recharge Electra pour v\u00e9hicules \u00e9lectriques R\u00e9sum\u00e9 : Application de recharge pour v\u00e9hicules, montrant emplacement et prix.\" class=\"mx-auto max-h-144\" alt=\"Carte num\u00e9rique affichant des stations de recharge avec des informations sur la puissance et les tarifs, sur fond clair.\"\n                    src=\"https:\/\/monta.com\/app\/uploads\/sites\/21\/2025\/09\/Chargepage_hero-2.webp\" \/>\n                                            <\/div>\n            <\/div>\n<\/section>\n\n\n\n<section  aria-label=\"Statistics\"  class=\"bg-black text-white  rounded-section number-slider !pr-0 md:!pr-10\">\n    <div class=\"\">\n                        <number-slider data-slides='[{\"illustration\":{\"ID\":6454,\"id\":6454,\"title\":\"icon_square-grey_abstract\",\"filename\":\"icon_square-grey_abstract.svg\",\"filesize\":0,\"url\":\"https:\\\/\\\/monta.com\\\/wp-content\\\/uploads\\\/2025\\\/06\\\/icon_square-grey_abstract.svg\",\"link\":\"https:\\\/\\\/monta.com\\\/fr\\\/icon_square-grey_abstract\\\/\",\"alt\":\"\",\"author\":\"35\",\"description\":\"\",\"caption\":\"\",\"name\":\"icon_square-grey_abstract\",\"status\":\"inherit\",\"uploaded_to\":0,\"date\":\"2025-07-04 11:48:17\",\"modified\":\"2025-07-04 11:48:17\",\"menu_order\":0,\"mime_type\":\"image\\\/svg+xml\",\"type\":\"image\",\"subtype\":\"svg+xml\",\"icon\":\"https:\\\/\\\/monta.com\\\/fr\\\/wp-includes\\\/images\\\/media\\\/default.png\",\"width\":112,\"height\":112,\"sizes\":{\"thumbnail\":\"https:\\\/\\\/monta.com\\\/wp-content\\\/uploads\\\/2025\\\/06\\\/icon_square-grey_abstract.svg\",\"thumbnail-width\":150,\"thumbnail-height\":150,\"medium\":\"https:\\\/\\\/monta.com\\\/wp-content\\\/uploads\\\/2025\\\/06\\\/icon_square-grey_abstract.svg\",\"medium-width\":300,\"medium-height\":300,\"medium_large\":\"https:\\\/\\\/monta.com\\\/wp-content\\\/uploads\\\/2025\\\/06\\\/icon_square-grey_abstract.svg\",\"medium_large-width\":768,\"medium_large-height\":768,\"large\":\"https:\\\/\\\/monta.com\\\/wp-content\\\/uploads\\\/2025\\\/06\\\/icon_square-grey_abstract.svg\",\"large-width\":1024,\"large-height\":1024,\"1536x1536\":\"https:\\\/\\\/monta.com\\\/wp-content\\\/uploads\\\/2025\\\/06\\\/icon_square-grey_abstract.svg\",\"1536x1536-width\":112,\"1536x1536-height\":112,\"2048x2048\":\"https:\\\/\\\/monta.com\\\/wp-content\\\/uploads\\\/2025\\\/06\\\/icon_square-grey_abstract.svg\",\"2048x2048-width\":112,\"2048x2048-height\":112}},\"number\":\"290k+\",\"number_label\":\"Conducteurs de VE qui utilisent Monta Charge\",\"number_description\":\"\"},{\"illustration\":{\"ID\":6453,\"id\":6453,\"title\":\"icon_stairs-grey_abstract\",\"filename\":\"icon_stairs-grey_abstract.svg\",\"filesize\":0,\"url\":\"https:\\\/\\\/monta.com\\\/wp-content\\\/uploads\\\/2025\\\/06\\\/icon_stairs-grey_abstract.svg\",\"link\":\"https:\\\/\\\/monta.com\\\/fr\\\/icon_stairs-grey_abstract\\\/\",\"alt\":\"\",\"author\":\"35\",\"description\":\"\",\"caption\":\"\",\"name\":\"icon_stairs-grey_abstract\",\"status\":\"inherit\",\"uploaded_to\":0,\"date\":\"2025-07-04 11:48:17\",\"modified\":\"2025-07-04 11:48:17\",\"menu_order\":0,\"mime_type\":\"image\\\/svg+xml\",\"type\":\"image\",\"subtype\":\"svg+xml\",\"icon\":\"https:\\\/\\\/monta.com\\\/fr\\\/wp-includes\\\/images\\\/media\\\/default.png\",\"width\":102,\"height\":102,\"sizes\":{\"thumbnail\":\"https:\\\/\\\/monta.com\\\/wp-content\\\/uploads\\\/2025\\\/06\\\/icon_stairs-grey_abstract.svg\",\"thumbnail-width\":150,\"thumbnail-height\":150,\"medium\":\"https:\\\/\\\/monta.com\\\/wp-content\\\/uploads\\\/2025\\\/06\\\/icon_stairs-grey_abstract.svg\",\"medium-width\":300,\"medium-height\":300,\"medium_large\":\"https:\\\/\\\/monta.com\\\/wp-content\\\/uploads\\\/2025\\\/06\\\/icon_stairs-grey_abstract.svg\",\"medium_large-width\":768,\"medium_large-height\":768,\"large\":\"https:\\\/\\\/monta.com\\\/wp-content\\\/uploads\\\/2025\\\/06\\\/icon_stairs-grey_abstract.svg\",\"large-width\":1024,\"large-height\":1024,\"1536x1536\":\"https:\\\/\\\/monta.com\\\/wp-content\\\/uploads\\\/2025\\\/06\\\/icon_stairs-grey_abstract.svg\",\"1536x1536-width\":102,\"1536x1536-height\":102,\"2048x2048\":\"https:\\\/\\\/monta.com\\\/wp-content\\\/uploads\\\/2025\\\/06\\\/icon_stairs-grey_abstract.svg\",\"2048x2048-width\":102,\"2048x2048-height\":102}},\"number\":\"3M\",\"number_label\":\"Recharges avec Monta\",\"number_description\":\"\"},{\"illustration\":{\"ID\":6456,\"id\":6456,\"title\":\"icon_shpere-grey_abstract\",\"filename\":\"icon_shpere-grey_abstract.svg\",\"filesize\":0,\"url\":\"https:\\\/\\\/monta.com\\\/wp-content\\\/uploads\\\/2025\\\/06\\\/icon_shpere-grey_abstract.svg\",\"link\":\"https:\\\/\\\/monta.com\\\/fr\\\/icon_shpere-grey_abstract\\\/\",\"alt\":\"\",\"author\":\"35\",\"description\":\"\",\"caption\":\"\",\"name\":\"icon_shpere-grey_abstract\",\"status\":\"inherit\",\"uploaded_to\":0,\"date\":\"2025-07-04 11:48:17\",\"modified\":\"2025-07-04 11:48:17\",\"menu_order\":0,\"mime_type\":\"image\\\/svg+xml\",\"type\":\"image\",\"subtype\":\"svg+xml\",\"icon\":\"https:\\\/\\\/monta.com\\\/fr\\\/wp-includes\\\/images\\\/media\\\/default.png\",\"width\":99,\"height\":100,\"sizes\":{\"thumbnail\":\"https:\\\/\\\/monta.com\\\/wp-content\\\/uploads\\\/2025\\\/06\\\/icon_shpere-grey_abstract.svg\",\"thumbnail-width\":148,\"thumbnail-height\":150,\"medium\":\"https:\\\/\\\/monta.com\\\/wp-content\\\/uploads\\\/2025\\\/06\\\/icon_shpere-grey_abstract.svg\",\"medium-width\":297,\"medium-height\":300,\"medium_large\":\"https:\\\/\\\/monta.com\\\/wp-content\\\/uploads\\\/2025\\\/06\\\/icon_shpere-grey_abstract.svg\",\"medium_large-width\":768,\"medium_large-height\":776,\"large\":\"https:\\\/\\\/monta.com\\\/wp-content\\\/uploads\\\/2025\\\/06\\\/icon_shpere-grey_abstract.svg\",\"large-width\":1014,\"large-height\":1024,\"1536x1536\":\"https:\\\/\\\/monta.com\\\/wp-content\\\/uploads\\\/2025\\\/06\\\/icon_shpere-grey_abstract.svg\",\"1536x1536-width\":99,\"1536x1536-height\":100,\"2048x2048\":\"https:\\\/\\\/monta.com\\\/wp-content\\\/uploads\\\/2025\\\/06\\\/icon_shpere-grey_abstract.svg\",\"2048x2048-width\":99,\"2048x2048-height\":100}},\"number\":\"96%\",\"number_label\":\"Taux de recharge r\\u00e9ussi\",\"number_description\":\"\"},{\"illustration\":{\"ID\":6452,\"id\":6452,\"title\":\"icon_star-grey_abstract\",\"filename\":\"icon_star-grey_abstract.svg\",\"filesize\":0,\"url\":\"https:\\\/\\\/monta.com\\\/wp-content\\\/uploads\\\/2025\\\/06\\\/icon_star-grey_abstract.svg\",\"link\":\"https:\\\/\\\/monta.com\\\/fr\\\/icon_star-grey_abstract\\\/\",\"alt\":\"\",\"author\":\"35\",\"description\":\"\",\"caption\":\"\",\"name\":\"icon_star-grey_abstract\",\"status\":\"inherit\",\"uploaded_to\":0,\"date\":\"2025-07-04 11:48:17\",\"modified\":\"2025-07-04 11:48:17\",\"menu_order\":0,\"mime_type\":\"image\\\/svg+xml\",\"type\":\"image\",\"subtype\":\"svg+xml\",\"icon\":\"https:\\\/\\\/monta.com\\\/fr\\\/wp-includes\\\/images\\\/media\\\/default.png\",\"width\":110,\"height\":100,\"sizes\":{\"thumbnail\":\"https:\\\/\\\/monta.com\\\/wp-content\\\/uploads\\\/2025\\\/06\\\/icon_star-grey_abstract.svg\",\"thumbnail-width\":150,\"thumbnail-height\":136,\"medium\":\"https:\\\/\\\/monta.com\\\/wp-content\\\/uploads\\\/2025\\\/06\\\/icon_star-grey_abstract.svg\",\"medium-width\":300,\"medium-height\":273,\"medium_large\":\"https:\\\/\\\/monta.com\\\/wp-content\\\/uploads\\\/2025\\\/06\\\/icon_star-grey_abstract.svg\",\"medium_large-width\":768,\"medium_large-height\":698,\"large\":\"https:\\\/\\\/monta.com\\\/wp-content\\\/uploads\\\/2025\\\/06\\\/icon_star-grey_abstract.svg\",\"large-width\":1024,\"large-height\":931,\"1536x1536\":\"https:\\\/\\\/monta.com\\\/wp-content\\\/uploads\\\/2025\\\/06\\\/icon_star-grey_abstract.svg\",\"1536x1536-width\":110,\"1536x1536-height\":100,\"2048x2048\":\"https:\\\/\\\/monta.com\\\/wp-content\\\/uploads\\\/2025\\\/06\\\/icon_star-grey_abstract.svg\",\"2048x2048-width\":110,\"2048x2048-height\":100}},\"number\":\"500k+\",\"number_label\":\"Bornes de recharge en itin\\u00e9rance\",\"number_description\":\"\"}]' bg=\"black\">\n        \n        <\/number-slider>\n    <\/div>\n<\/section>\n\n<section aria-label=\"Votre maison, votre borne, vos r\u00e8gles\" class=\"bg-grey text-charcoal  rounded-section\">\n    \n            <div class=\"pill-label text-primary-blue border-primary-blue md:mb-9 mb-5\">Recharge \u00e0 domicile<\/div>\n    \n    <div class=\"md:grid md:grid-cols-12\">\n        <div class=\"md:col-span-5 mb-5 md:mb-0\">\n             <h2>  Votre maison, votre borne, vos r\u00e8gles  <\/h2>         <\/div>\n        <div class=\"md:col-start-8 md:col-span-5 md:px-6\">\n            <div class=\"rich-text intro mb-6\">\n                <p>La recharge sans effort commence directement \u00e0 la maison. Avec Monta Charge, vous pouvez personnaliser votre exp\u00e9rience de recharge en fonction de votre style de vie et de vos pr\u00e9f\u00e9rences. Oubliez les r\u00e9glages compliqu\u00e9s. Param\u00e9trez votre recharge une bonne fois pour toutes et Monta s\u2019occupe du reste.<\/p>\n\n            <\/div>\n                    <\/div>\n    <\/div>\n\n    <illustration-list data-items='[{\"title\":\"Choisissez votre \\u00e9quipement pr\\u00e9f\\u00e9r\\u00e9 \",\"description\":\"\\u003Cp\\u003EChoisissez le mod\\u00e8le de borne qui r\\u00e9pond le mieux \\u00e0 vos besoins et \\u00e0 votre budget. Nous prenons en charge plus de 400 mod\\u00e8les de marque.\\u003C\\\/p\\u003E\\n\",\"illustration_type\":\"image\",\"illustration\":{\"ID\":7535,\"id\":7535,\"title\":\"Electric Vehicle Charging Solutions from Top Brands Showcase\",\"filename\":\"MontaCharge_ChargePoints_Desktop.jpg\",\"filesize\":0,\"url\":\"https:\\\/\\\/monta.com\\\/wp-content\\\/uploads\\\/2025\\\/11\\\/MontaCharge_ChargePoints_Desktop.jpg\",\"link\":\"https:\\\/\\\/monta.com\\\/fr\\\/electric-vehicle-charging-solutions-from-top-brands-showcase\\\/\",\"alt\":\"Collection of electric vehicle charging points showcasing brands like Schneider Electric, Siemens, and Rolec EV, framed by subtle blue outlines.\",\"author\":\"35\",\"description\":\"\",\"caption\":\"\",\"name\":\"electric-vehicle-charging-solutions-from-top-brands-showcase\",\"status\":\"inherit\",\"uploaded_to\":0,\"date\":\"2025-11-06 12:16:06\",\"modified\":\"2025-11-06 12:16:06\",\"menu_order\":0,\"mime_type\":\"image\\\/jpeg\",\"type\":\"image\",\"subtype\":\"jpeg\",\"icon\":\"https:\\\/\\\/monta.com\\\/fr\\\/wp-includes\\\/images\\\/media\\\/default.png\",\"width\":2000,\"height\":1538,\"sizes\":{\"thumbnail\":\"https:\\\/\\\/monta.com\\\/wp-content\\\/uploads\\\/2025\\\/11\\\/MontaCharge_ChargePoints_Desktop-150x150.jpg\",\"thumbnail-width\":150,\"thumbnail-height\":150,\"medium\":\"https:\\\/\\\/monta.com\\\/wp-content\\\/uploads\\\/2025\\\/11\\\/MontaCharge_ChargePoints_Desktop-300x231.jpg\",\"medium-width\":300,\"medium-height\":231,\"medium_large\":\"https:\\\/\\\/monta.com\\\/wp-content\\\/uploads\\\/2025\\\/11\\\/MontaCharge_ChargePoints_Desktop-768x591.jpg\",\"medium_large-width\":768,\"medium_large-height\":591,\"large\":\"https:\\\/\\\/monta.com\\\/wp-content\\\/uploads\\\/2025\\\/11\\\/MontaCharge_ChargePoints_Desktop-1024x787.jpg\",\"large-width\":1024,\"large-height\":787,\"1536x1536\":\"https:\\\/\\\/monta.com\\\/wp-content\\\/uploads\\\/2025\\\/11\\\/MontaCharge_ChargePoints_Desktop-1536x1181.jpg\",\"1536x1536-width\":1536,\"1536x1536-height\":1181,\"2048x2048\":\"https:\\\/\\\/monta.com\\\/wp-content\\\/uploads\\\/2025\\\/11\\\/MontaCharge_ChargePoints_Desktop.jpg\",\"2048x2048-width\":2000,\"2048x2048-height\":1538}},\"illustration_mobile\":\"https:\\\/\\\/monta.com\\\/wp-content\\\/uploads\\\/2025\\\/11\\\/MontaCharge_ChargePoints_Mobile.png\",\"show_link\":false,\"link_title\":\"\",\"link\":null},{\"title\":\"Optimisez votre consommation d\\u2019\\u00e9nergie\",\"description\":\"\\u003Cp\\u003EAvec Monta Charge, vous pouvez \\u00e9conomiser de l\\u2019argent et avoir un impact positif sur l\\u2019environnement. Par exemple, vous pouvez choisir de d\\u00e9marrer automatiquement la recharge lorsque les prix de l\\u2019\\u00e9lectricit\\u00e9 et les \\u00e9missions de CO2 sont les plus bas.\\u003C\\\/p\\u003E\\n\",\"illustration_type\":\"image\",\"illustration\":{\"ID\":7319,\"id\":7319,\"title\":\"Titre de l\\u0027image : Graphique de recharge \\u00e9lectrique et options horaires.\",\"filename\":\"Charging-at-home_02.png\",\"filesize\":704190,\"url\":\"https:\\\/\\\/monta.com\\\/app\\\/uploads\\\/sites\\\/21\\\/2025\\\/08\\\/Charging-at-home_02.png\",\"link\":\"https:\\\/\\\/monta.com\\\/fr\\\/monta-charge\\\/charging-at-home_02\\\/\",\"alt\":\"Chargeur \\u00e9lectrique stylis\\u00e9 avec un graphique en barres illustrant les co\\u00fbts d\\u0027\\u00e9nergie, et options de programmation pour la charge.\",\"author\":\"35\",\"description\":\"\",\"caption\":\"\",\"name\":\"charging-at-home_02\",\"status\":\"inherit\",\"uploaded_to\":5110,\"date\":\"2025-08-21 12:35:29\",\"modified\":\"2025-10-24 11:24:14\",\"menu_order\":0,\"mime_type\":\"image\\\/png\",\"type\":\"image\",\"subtype\":\"png\",\"icon\":\"https:\\\/\\\/monta.com\\\/fr\\\/wp-includes\\\/images\\\/media\\\/default.png\",\"width\":2600,\"height\":2000,\"sizes\":{\"thumbnail\":\"https:\\\/\\\/monta.com\\\/app\\\/uploads\\\/sites\\\/21\\\/2025\\\/08\\\/Charging-at-home_02-150x150.png\",\"thumbnail-width\":150,\"thumbnail-height\":150,\"medium\":\"https:\\\/\\\/monta.com\\\/app\\\/uploads\\\/sites\\\/21\\\/2025\\\/08\\\/Charging-at-home_02-300x231.png\",\"medium-width\":300,\"medium-height\":231,\"medium_large\":\"https:\\\/\\\/monta.com\\\/app\\\/uploads\\\/sites\\\/21\\\/2025\\\/08\\\/Charging-at-home_02-768x591.png\",\"medium_large-width\":768,\"medium_large-height\":591,\"large\":\"https:\\\/\\\/monta.com\\\/app\\\/uploads\\\/sites\\\/21\\\/2025\\\/08\\\/Charging-at-home_02-1024x788.png\",\"large-width\":1024,\"large-height\":788,\"1536x1536\":\"https:\\\/\\\/monta.com\\\/app\\\/uploads\\\/sites\\\/21\\\/2025\\\/08\\\/Charging-at-home_02-1536x1182.png\",\"1536x1536-width\":1536,\"1536x1536-height\":1182,\"2048x2048\":\"https:\\\/\\\/monta.com\\\/app\\\/uploads\\\/sites\\\/21\\\/2025\\\/08\\\/Charging-at-home_02-2048x1575.png\",\"2048x2048-width\":2048,\"2048x2048-height\":1575}},\"illustration_mobile\":false,\"show_link\":false,\"link_title\":\"\",\"link\":null},{\"title\":\"Un aper\\u00e7u complet quand vous en avez besoin\",\"description\":\"\\u003Cp\\u003ERestez inform\\u00e9 gr\\u00e2ce aux donn\\u00e9es d\\u00e9taill\\u00e9es de l\\u2019historique de recharge, surveillez les performances de votre VE et suivez vos d\\u00e9penses \\u00e9nerg\\u00e9tiques.\\u003C\\\/p\\u003E\\n\",\"illustration_type\":\"image\",\"illustration\":{\"ID\":7320,\"id\":7320,\"title\":\"Titre de l\\u0027image : Informations sur la recharge de la VW ID.4 R\\u00e9sum\\u00e9 : Recharge de v\\u00e9hicule \\u00e9lectrique VW ID.4 avec \\u00e9conomies de CO2.\",\"filename\":\"Charging-at-home_03.png\",\"filesize\":665641,\"url\":\"https:\\\/\\\/monta.com\\\/app\\\/uploads\\\/sites\\\/21\\\/2025\\\/08\\\/Charging-at-home_03.png\",\"link\":\"https:\\\/\\\/monta.com\\\/fr\\\/monta-charge\\\/charging-at-home_03\\\/\",\"alt\":\"Chargeur individuel sur un fond gris, avec des d\\u00e9tails sur les \\u00e9conomies de CO2 et l\\u0027essence, affich\\u00e9s en texte clair.\",\"author\":\"35\",\"description\":\"\",\"caption\":\"\",\"name\":\"charging-at-home_03\",\"status\":\"inherit\",\"uploaded_to\":5110,\"date\":\"2025-08-21 12:35:46\",\"modified\":\"2025-10-24 11:24:00\",\"menu_order\":0,\"mime_type\":\"image\\\/png\",\"type\":\"image\",\"subtype\":\"png\",\"icon\":\"https:\\\/\\\/monta.com\\\/fr\\\/wp-includes\\\/images\\\/media\\\/default.png\",\"width\":2600,\"height\":2000,\"sizes\":{\"thumbnail\":\"https:\\\/\\\/monta.com\\\/app\\\/uploads\\\/sites\\\/21\\\/2025\\\/08\\\/Charging-at-home_03-150x150.png\",\"thumbnail-width\":150,\"thumbnail-height\":150,\"medium\":\"https:\\\/\\\/monta.com\\\/app\\\/uploads\\\/sites\\\/21\\\/2025\\\/08\\\/Charging-at-home_03-300x231.png\",\"medium-width\":300,\"medium-height\":231,\"medium_large\":\"https:\\\/\\\/monta.com\\\/app\\\/uploads\\\/sites\\\/21\\\/2025\\\/08\\\/Charging-at-home_03-768x591.png\",\"medium_large-width\":768,\"medium_large-height\":591,\"large\":\"https:\\\/\\\/monta.com\\\/app\\\/uploads\\\/sites\\\/21\\\/2025\\\/08\\\/Charging-at-home_03-1024x788.png\",\"large-width\":1024,\"large-height\":788,\"1536x1536\":\"https:\\\/\\\/monta.com\\\/app\\\/uploads\\\/sites\\\/21\\\/2025\\\/08\\\/Charging-at-home_03-1536x1182.png\",\"1536x1536-width\":1536,\"1536x1536-height\":1182,\"2048x2048\":\"https:\\\/\\\/monta.com\\\/app\\\/uploads\\\/sites\\\/21\\\/2025\\\/08\\\/Charging-at-home_03-2048x1575.png\",\"2048x2048-width\":2048,\"2048x2048-height\":1575}},\"illustration_mobile\":false,\"show_link\":false,\"link_title\":\"\",\"link\":null},{\"title\":\"Partager en toute simplicit\\u00e9\",\"description\":\"\\u003Cp\\u003EPartagez votre borne domestique avec votre famille, vos amis et vos voisins, et d\\u00e9finissez des r\\u00e8gles indiquant qui peut y acc\\u00e9der et quand. Vous \\u00eates ma\\u00eetre de votre borne, apr\\u00e8s tout.\\u003C\\\/p\\u003E\\n\",\"illustration_type\":\"image\",\"illustration\":{\"ID\":6554,\"id\":6554,\"title\":\"illustration_charge-points_sharing\",\"filename\":\"illustration_charge-points_sharing.webp\",\"filesize\":0,\"url\":\"https:\\\/\\\/monta.com\\\/wp-content\\\/uploads\\\/2025\\\/06\\\/illustration_charge-points_sharing.webp\",\"link\":\"https:\\\/\\\/monta.com\\\/fr\\\/illustration_charge-points_sharing\\\/\",\"alt\":\"\",\"author\":\"35\",\"description\":\"\",\"caption\":\"\",\"name\":\"illustration_charge-points_sharing\",\"status\":\"inherit\",\"uploaded_to\":0,\"date\":\"2025-07-07 10:51:11\",\"modified\":\"2025-07-07 10:51:11\",\"menu_order\":0,\"mime_type\":\"image\\\/webp\",\"type\":\"image\",\"subtype\":\"webp\",\"icon\":\"https:\\\/\\\/monta.com\\\/fr\\\/wp-includes\\\/images\\\/media\\\/default.png\",\"width\":2600,\"height\":2000,\"sizes\":{\"thumbnail\":\"https:\\\/\\\/monta.com\\\/wp-content\\\/uploads\\\/2025\\\/06\\\/illustration_charge-points_sharing-150x150.webp\",\"thumbnail-width\":150,\"thumbnail-height\":150,\"medium\":\"https:\\\/\\\/monta.com\\\/wp-content\\\/uploads\\\/2025\\\/06\\\/illustration_charge-points_sharing-300x231.webp\",\"medium-width\":300,\"medium-height\":231,\"medium_large\":\"https:\\\/\\\/monta.com\\\/wp-content\\\/uploads\\\/2025\\\/06\\\/illustration_charge-points_sharing-768x591.webp\",\"medium_large-width\":768,\"medium_large-height\":591,\"large\":\"https:\\\/\\\/monta.com\\\/wp-content\\\/uploads\\\/2025\\\/06\\\/illustration_charge-points_sharing-1024x788.webp\",\"large-width\":1024,\"large-height\":788,\"1536x1536\":\"https:\\\/\\\/monta.com\\\/wp-content\\\/uploads\\\/2025\\\/06\\\/illustration_charge-points_sharing-1536x1182.webp\",\"1536x1536-width\":1536,\"1536x1536-height\":1182,\"2048x2048\":\"https:\\\/\\\/monta.com\\\/wp-content\\\/uploads\\\/2025\\\/06\\\/illustration_charge-points_sharing-2048x1575.webp\",\"2048x2048-width\":2048,\"2048x2048-height\":1575}},\"illustration_mobile\":false,\"show_link\":false,\"link_title\":\"\",\"link\":null}]' bg=\"grey\"><\/illustration-list>\n    \n<\/section>\n\n<div class=\"max-w-5xl mx-auto \">\n    <quote-slider data-quotes='[{\"title\":\"\\u00ab Depuis votre maison ou votre propre all\\u00e9e, Monta Charge vous \",\"quote_text\":\"permet de contr\\u00f4ler chaque kilowatt. \\u00bb  \",\"author\":\"Denise Tan\",\"position\":\"Responsable principale des produits\",\"author_image\":\"https:\\\/\\\/monta.com\\\/wp-content\\\/uploads\\\/2025\\\/06\\\/portrait_Denise.webp\",\"company_logo\":false,\"button_label\":\"\",\"button_link\":null},{\"title\":\"\\u00ab Des villes anim\\u00e9es aux campagnes paisibles, Monta Charge est \",\"quote_text\":\"votre fid\\u00e8le compagnon pour une recharge de VE sans heurts. \\u00bb   \",\"author\":\"Martin Majlund\",\"position\":\"Vice-pr\\u00e9sident charg\\u00e9 de l\\u2019itin\\u00e9rance\",\"author_image\":\"https:\\\/\\\/monta.com\\\/wp-content\\\/uploads\\\/2025\\\/06\\\/portrait_Martin.webp\",\"company_logo\":false,\"button_label\":\"\",\"button_link\":null}]' data-background=\"transparent\" \/>\n<\/div> \n\n<section aria-label=\"L'application ultime pour la recharge des VE\" class=\"bg-primary-blue text-white  rounded-section\" >\n    <div class=\"grid grid-cols-1 md:grid-cols-12 gap-12 items-center\">\n                <div class=\"md:col-span-5\">\n                                                                <h2 class=\"h2 mb-10 \">\n                    L&#8217;application ultime pour la recharge des VE                <\/h2>\n                                                <div class=\"md:hidden block mb-10 \">\n                                    <img decoding=\"async\" title=\"Titre de l&#039;image : Suivi de recharge de la Volkswagen ID.3 R\u00e9sum\u00e9 : Application montrant la recharge de la Volkswagen ID.3 \u00e0 61%.\" alt=\"Interface de recharge mobile affichant 20,8 kWh pour un Volkswagen ID.3, progr\u00e8s de 61 %, avec un chronom\u00e8tre et des d\u00e9tails de co\u00fbt.\" src=\"https:\/\/monta.com\/app\/uploads\/sites\/21\/2025\/09\/Monta-charge_banner_mobile.webp\" \/>\n                                                            <\/div>\n                        <div class=\"rich-text \">\n                <div class=\"flex gap-2\"><a href=\"https:\/\/apps.apple.com\/da\/app\/monta-ev-charging\/id1535789146\" target=\"_blank\" rel=\"noopener\"><img loading=\"lazy\" decoding=\"async\" class=\"alignnone size-full wp-image-241\" src=\"https:\/\/monta.com\/app\/uploads\/2025\/07\/AppStore.svg\" alt=\"app store logo\" width=\"138\" height=\"46\" \/><\/a><a href=\"https:\/\/play.google.com\/store\/apps\/details?id=com.montaapp.monta&amp;hl=en&amp;gl=US&amp;pli=1\" target=\"_blank\" rel=\"noopener\"><img loading=\"lazy\" decoding=\"async\" class=\"alignnone size-medium wp-image-242\" src=\"https:\/\/monta.com\/app\/uploads\/2025\/07\/Google-Play.svg\" alt=\"google play logo\" width=\"156\" height=\"46\" \/><\/a><\/div>\n\n            <\/div>\n                                                        <\/div>\n                <div class=\"md:col-span-6 md:col-start-7 -mr-4 md:-mr-10 my-0 md:-my-18 justify-items-end hidden md:block\">\n                            <img decoding=\"async\" title=\"Monta Charge - \u00c9cran de recharge pour Volkswagen ID.3 en cours\" class=\"mx-auto max-h-144\" alt=\"Interface mobile pr\u00e9sentant une recharge de v\u00e9hicule, indiquant 20,8 kWh, 61% compl\u00e9t\u00e9, avec un chronom\u00e8tre et des informations sur le co\u00fbt.\"\n                    src=\"https:\/\/monta.com\/app\/uploads\/sites\/21\/2025\/08\/Monta-charge_banner.png\" \/>\n                                            <\/div>\n            <\/div>\n<\/section>\n\n\n\n<section  aria-label=\"Profitez d\u2019une recharge sans heurts o\u00f9 que vous soyez\"  class=\"bg-black text-white  rounded-section\">\n    <div class=\"md:grid md:grid-cols-12\">\n                <div class=\"col-span-12\">\n            <div class=\"pill-label text-light-blue border-light-blue mb-4\">\n                Recharge en d\u00e9placement            <\/div>\n        <\/div>\n                <div class=\"md:col-span-5 mb-8 md:mb-0\">\n            \n             <h2>  Profitez d\u2019une recharge sans heurts o\u00f9 que vous soyez  <\/h2>         <\/div>\n        <div class=\"rich-text intro md:col-start-8 md:col-span-5 mb-6\">\n            <p>Monta Charge ne s\u2019arr\u00eate pas \u00e0 votre domicile. Vous pouvez prendre la route sans h\u00e9sitation, sachant que vous b\u00e9n\u00e9ficiez d\u2019un vaste r\u00e9seau de bornes de recharge accessibles, d\u2019une tarification transparente et d\u2019options de paiement flexibles.<\/p>\n\n        <\/div>\n    <\/div>\n\n        <div class=\"-mx-4 md:-mx-10\">\n        <tab-slider data-tabs='[{\"tab_title\":\"1. Trouver une recharge\",\"tab_items\":[{\"title\":\"Utiliser la carte\",\"description\":\"\\u003Cp\\u003ELocalisez une des plus de 500 000 bornes de recharge publiques r\\u00e9pertori\\u00e9es sur la carte Monta et lancez la navigation avec Google Maps et Apple Plans.\\u003C\\\/p\\u003E\\n\",\"image\":{\"ID\":6570,\"id\":6570,\"title\":\"illustration_charging-on-the-go\",\"filename\":\"illustration_charging-on-the-go.webp\",\"filesize\":0,\"url\":\"https:\\\/\\\/monta.com\\\/wp-content\\\/uploads\\\/2025\\\/06\\\/illustration_charging-on-the-go.webp\",\"link\":\"https:\\\/\\\/monta.com\\\/fr\\\/illustration_charging-on-the-go\\\/\",\"alt\":\"\",\"author\":\"35\",\"description\":\"\",\"caption\":\"\",\"name\":\"illustration_charging-on-the-go\",\"status\":\"inherit\",\"uploaded_to\":0,\"date\":\"2025-07-07 11:01:20\",\"modified\":\"2025-07-07 11:01:20\",\"menu_order\":0,\"mime_type\":\"image\\\/webp\",\"type\":\"image\",\"subtype\":\"webp\",\"icon\":\"https:\\\/\\\/monta.com\\\/fr\\\/wp-includes\\\/images\\\/media\\\/default.png\",\"width\":1520,\"height\":1120,\"sizes\":{\"thumbnail\":\"https:\\\/\\\/monta.com\\\/wp-content\\\/uploads\\\/2025\\\/06\\\/illustration_charging-on-the-go-150x150.webp\",\"thumbnail-width\":150,\"thumbnail-height\":150,\"medium\":\"https:\\\/\\\/monta.com\\\/wp-content\\\/uploads\\\/2025\\\/06\\\/illustration_charging-on-the-go-300x221.webp\",\"medium-width\":300,\"medium-height\":221,\"medium_large\":\"https:\\\/\\\/monta.com\\\/wp-content\\\/uploads\\\/2025\\\/06\\\/illustration_charging-on-the-go-768x566.webp\",\"medium_large-width\":768,\"medium_large-height\":566,\"large\":\"https:\\\/\\\/monta.com\\\/wp-content\\\/uploads\\\/2025\\\/06\\\/illustration_charging-on-the-go-1024x755.webp\",\"large-width\":1024,\"large-height\":755,\"1536x1536\":\"https:\\\/\\\/monta.com\\\/wp-content\\\/uploads\\\/2025\\\/06\\\/illustration_charging-on-the-go.webp\",\"1536x1536-width\":1520,\"1536x1536-height\":1120,\"2048x2048\":\"https:\\\/\\\/monta.com\\\/wp-content\\\/uploads\\\/2025\\\/06\\\/illustration_charging-on-the-go.webp\",\"2048x2048-width\":1520,\"2048x2048-height\":1120}},\"category\":false},{\"title\":\"Utiliser des filtres\",\"description\":\"\\u003Cp\\u003EFiltrez les bornes de recharge par disponibilit\\u00e9, vitesse de recharge (kW), prix (dynamique ou fixe), op\\u00e9rateur, etc.\\u003C\\\/p\\u003E\\n\",\"image\":{\"ID\":7326,\"id\":7326,\"title\":\"Titre de l\\u0027image : Interface de s\\u00e9lection de recharge \\u00e9lectrique R\\u00e9sum\\u00e9 : Interface pour choisir la vitesse et le type de connexion de recharge.\",\"filename\":\"Charging-on-the-go_01_02.png\",\"filesize\":331861,\"url\":\"https:\\\/\\\/monta.com\\\/app\\\/uploads\\\/sites\\\/21\\\/2025\\\/08\\\/Charging-on-the-go_01_02.png\",\"link\":\"https:\\\/\\\/monta.com\\\/fr\\\/monta-charge\\\/charging-on-the-go_01_02\\\/\",\"alt\":\"Interface de filtre pour la vitesse de recharge minimale, avec un curseur et des options de connecteur, incluant une image de voiture.\",\"author\":\"35\",\"description\":\"\",\"caption\":\"\",\"name\":\"charging-on-the-go_01_02\",\"status\":\"inherit\",\"uploaded_to\":5110,\"date\":\"2025-08-21 12:37:07\",\"modified\":\"2025-10-24 11:23:47\",\"menu_order\":0,\"mime_type\":\"image\\\/png\",\"type\":\"image\",\"subtype\":\"png\",\"icon\":\"https:\\\/\\\/monta.com\\\/fr\\\/wp-includes\\\/images\\\/media\\\/default.png\",\"width\":1140,\"height\":840,\"sizes\":{\"thumbnail\":\"https:\\\/\\\/monta.com\\\/app\\\/uploads\\\/sites\\\/21\\\/2025\\\/08\\\/Charging-on-the-go_01_02-150x150.png\",\"thumbnail-width\":150,\"thumbnail-height\":150,\"medium\":\"https:\\\/\\\/monta.com\\\/app\\\/uploads\\\/sites\\\/21\\\/2025\\\/08\\\/Charging-on-the-go_01_02-300x221.png\",\"medium-width\":300,\"medium-height\":221,\"medium_large\":\"https:\\\/\\\/monta.com\\\/app\\\/uploads\\\/sites\\\/21\\\/2025\\\/08\\\/Charging-on-the-go_01_02-768x566.png\",\"medium_large-width\":768,\"medium_large-height\":566,\"large\":\"https:\\\/\\\/monta.com\\\/app\\\/uploads\\\/sites\\\/21\\\/2025\\\/08\\\/Charging-on-the-go_01_02-1024x755.png\",\"large-width\":1024,\"large-height\":755,\"1536x1536\":\"https:\\\/\\\/monta.com\\\/app\\\/uploads\\\/sites\\\/21\\\/2025\\\/08\\\/Charging-on-the-go_01_02.png\",\"1536x1536-width\":1140,\"1536x1536-height\":840,\"2048x2048\":\"https:\\\/\\\/monta.com\\\/app\\\/uploads\\\/sites\\\/21\\\/2025\\\/08\\\/Charging-on-the-go_01_02.png\",\"2048x2048-width\":1140,\"2048x2048-height\":840}},\"category\":false},{\"title\":\"\",\"description\":\"\",\"image\":{\"ID\":6235,\"id\":6235,\"title\":\"icon_abstract-shape-lines\",\"filename\":\"icon_abstract-shape-lines.svg\",\"filesize\":0,\"url\":\"https:\\\/\\\/monta.com\\\/wp-content\\\/uploads\\\/2025\\\/07\\\/icon_abstract-shape-lines.svg\",\"link\":\"https:\\\/\\\/monta.com\\\/fr\\\/icon_abstract-shape-lines\\\/\",\"alt\":\"\",\"author\":\"35\",\"description\":\"\",\"caption\":\"\",\"name\":\"icon_abstract-shape-lines\",\"status\":\"inherit\",\"uploaded_to\":0,\"date\":\"2025-07-03 09:32:36\",\"modified\":\"2025-07-03 09:32:36\",\"menu_order\":0,\"mime_type\":\"image\\\/svg+xml\",\"type\":\"image\",\"subtype\":\"svg+xml\",\"icon\":\"https:\\\/\\\/monta.com\\\/fr\\\/wp-includes\\\/images\\\/media\\\/default.png\",\"width\":311,\"height\":289,\"sizes\":{\"thumbnail\":\"https:\\\/\\\/monta.com\\\/wp-content\\\/uploads\\\/2025\\\/07\\\/icon_abstract-shape-lines.svg\",\"thumbnail-width\":150,\"thumbnail-height\":139,\"medium\":\"https:\\\/\\\/monta.com\\\/wp-content\\\/uploads\\\/2025\\\/07\\\/icon_abstract-shape-lines.svg\",\"medium-width\":300,\"medium-height\":278,\"medium_large\":\"https:\\\/\\\/monta.com\\\/wp-content\\\/uploads\\\/2025\\\/07\\\/icon_abstract-shape-lines.svg\",\"medium_large-width\":768,\"medium_large-height\":711,\"large\":\"https:\\\/\\\/monta.com\\\/wp-content\\\/uploads\\\/2025\\\/07\\\/icon_abstract-shape-lines.svg\",\"large-width\":1024,\"large-height\":948,\"1536x1536\":\"https:\\\/\\\/monta.com\\\/wp-content\\\/uploads\\\/2025\\\/07\\\/icon_abstract-shape-lines.svg\",\"1536x1536-width\":311,\"1536x1536-height\":289,\"2048x2048\":\"https:\\\/\\\/monta.com\\\/wp-content\\\/uploads\\\/2025\\\/07\\\/icon_abstract-shape-lines.svg\",\"2048x2048-width\":311,\"2048x2048-height\":289}},\"category\":false}]},{\"tab_title\":\"2. D\\u00e9marrer une recharge\",\"tab_items\":[{\"title\":\"Scanner le QR code\",\"description\":\"\\u003Cp\\u003EL\\u0026#8217;application n\\u0026#8217;est pas install\\u00e9e ? Scannez le code QR sur le chargeur pour charger votre VE sans enregistrement si vous \\u00eates press\\u00e9.\\u003C\\\/p\\u003E\\n\",\"image\":{\"ID\":6573,\"id\":6573,\"title\":\"illustration_charging-on-the-go-qr\",\"filename\":\"illustration_charging-on-the-go-qr.webp\",\"filesize\":0,\"url\":\"https:\\\/\\\/monta.com\\\/wp-content\\\/uploads\\\/2025\\\/06\\\/illustration_charging-on-the-go-qr.webp\",\"link\":\"https:\\\/\\\/monta.com\\\/fr\\\/illustration_charging-on-the-go-qr\\\/\",\"alt\":\"\",\"author\":\"35\",\"description\":\"\",\"caption\":\"\",\"name\":\"illustration_charging-on-the-go-qr\",\"status\":\"inherit\",\"uploaded_to\":0,\"date\":\"2025-07-07 11:01:20\",\"modified\":\"2025-07-07 11:01:20\",\"menu_order\":0,\"mime_type\":\"image\\\/webp\",\"type\":\"image\",\"subtype\":\"webp\",\"icon\":\"https:\\\/\\\/monta.com\\\/fr\\\/wp-includes\\\/images\\\/media\\\/default.png\",\"width\":1520,\"height\":1120,\"sizes\":{\"thumbnail\":\"https:\\\/\\\/monta.com\\\/wp-content\\\/uploads\\\/2025\\\/06\\\/illustration_charging-on-the-go-qr-150x150.webp\",\"thumbnail-width\":150,\"thumbnail-height\":150,\"medium\":\"https:\\\/\\\/monta.com\\\/wp-content\\\/uploads\\\/2025\\\/06\\\/illustration_charging-on-the-go-qr-300x221.webp\",\"medium-width\":300,\"medium-height\":221,\"medium_large\":\"https:\\\/\\\/monta.com\\\/wp-content\\\/uploads\\\/2025\\\/06\\\/illustration_charging-on-the-go-qr-768x566.webp\",\"medium_large-width\":768,\"medium_large-height\":566,\"large\":\"https:\\\/\\\/monta.com\\\/wp-content\\\/uploads\\\/2025\\\/06\\\/illustration_charging-on-the-go-qr-1024x755.webp\",\"large-width\":1024,\"large-height\":755,\"1536x1536\":\"https:\\\/\\\/monta.com\\\/wp-content\\\/uploads\\\/2025\\\/06\\\/illustration_charging-on-the-go-qr.webp\",\"1536x1536-width\":1520,\"1536x1536-height\":1120,\"2048x2048\":\"https:\\\/\\\/monta.com\\\/wp-content\\\/uploads\\\/2025\\\/06\\\/illustration_charging-on-the-go-qr.webp\",\"2048x2048-width\":1520,\"2048x2048-height\":1120}},\"category\":false},{\"title\":\"Pr\\u00e9senter votre badge RFID\",\"description\":\"\\u003Cp\\u003ESinon, vous pouvez vous connecter au chargeur via l\\u0026#8217;application ou en tapant une carte RFID sur le chargeur.\\u003C\\\/p\\u003E\\n\",\"image\":{\"ID\":6572,\"id\":6572,\"title\":\"illustration_charging-on-the-go-rfid-card\",\"filename\":\"illustration_charging-on-the-go-rfid-card.webp\",\"filesize\":0,\"url\":\"https:\\\/\\\/monta.com\\\/wp-content\\\/uploads\\\/2025\\\/06\\\/illustration_charging-on-the-go-rfid-card.webp\",\"link\":\"https:\\\/\\\/monta.com\\\/fr\\\/illustration_charging-on-the-go-rfid-card\\\/\",\"alt\":\"\",\"author\":\"35\",\"description\":\"\",\"caption\":\"\",\"name\":\"illustration_charging-on-the-go-rfid-card\",\"status\":\"inherit\",\"uploaded_to\":0,\"date\":\"2025-07-07 11:01:20\",\"modified\":\"2025-07-07 11:01:20\",\"menu_order\":0,\"mime_type\":\"image\\\/webp\",\"type\":\"image\",\"subtype\":\"webp\",\"icon\":\"https:\\\/\\\/monta.com\\\/fr\\\/wp-includes\\\/images\\\/media\\\/default.png\",\"width\":1520,\"height\":1120,\"sizes\":{\"thumbnail\":\"https:\\\/\\\/monta.com\\\/wp-content\\\/uploads\\\/2025\\\/06\\\/illustration_charging-on-the-go-rfid-card-150x150.webp\",\"thumbnail-width\":150,\"thumbnail-height\":150,\"medium\":\"https:\\\/\\\/monta.com\\\/wp-content\\\/uploads\\\/2025\\\/06\\\/illustration_charging-on-the-go-rfid-card-300x221.webp\",\"medium-width\":300,\"medium-height\":221,\"medium_large\":\"https:\\\/\\\/monta.com\\\/wp-content\\\/uploads\\\/2025\\\/06\\\/illustration_charging-on-the-go-rfid-card-768x566.webp\",\"medium_large-width\":768,\"medium_large-height\":566,\"large\":\"https:\\\/\\\/monta.com\\\/wp-content\\\/uploads\\\/2025\\\/06\\\/illustration_charging-on-the-go-rfid-card-1024x755.webp\",\"large-width\":1024,\"large-height\":755,\"1536x1536\":\"https:\\\/\\\/monta.com\\\/wp-content\\\/uploads\\\/2025\\\/06\\\/illustration_charging-on-the-go-rfid-card.webp\",\"1536x1536-width\":1520,\"1536x1536-height\":1120,\"2048x2048\":\"https:\\\/\\\/monta.com\\\/wp-content\\\/uploads\\\/2025\\\/06\\\/illustration_charging-on-the-go-rfid-card.webp\",\"2048x2048-width\":1520,\"2048x2048-height\":1120}},\"category\":false},{\"title\":\"Payer avec votre moyen de paiement pr\\u00e9f\\u00e9r\\u00e9\",\"description\":\"\\u003Cp\\u003EChoisissez votre mode de paiement pr\\u00e9f\\u00e9r\\u00e9 pour lancer la facturation ; carte de cr\\u00e9dit, Apple Pay, Google Pay et bien d\\u0026#8217;autres encore.\\u003C\\\/p\\u003E\\n\",\"image\":{\"ID\":7327,\"id\":7327,\"title\":\"Monta Wallet : Gestion des cartes de cr\\u00e9dit et Apple Pay\",\"filename\":\"Charging-on-the-go_02_03.png\",\"filesize\":171302,\"url\":\"https:\\\/\\\/monta.com\\\/app\\\/uploads\\\/sites\\\/21\\\/2025\\\/08\\\/Charging-on-the-go_02_03.png\",\"link\":\"https:\\\/\\\/monta.com\\\/fr\\\/monta-charge\\\/charging-on-the-go_02_03\\\/\",\"alt\":\"Cartes de paiement visibles sur fond noir, avec des logos Mastercard, Visa et Apple Pay, et un solde de 102 \\u20ac pour Monta Wallet.\",\"author\":\"35\",\"description\":\"\",\"caption\":\"\",\"name\":\"charging-on-the-go_02_03\",\"status\":\"inherit\",\"uploaded_to\":5110,\"date\":\"2025-08-21 12:37:22\",\"modified\":\"2025-10-24 11:23:44\",\"menu_order\":0,\"mime_type\":\"image\\\/png\",\"type\":\"image\",\"subtype\":\"png\",\"icon\":\"https:\\\/\\\/monta.com\\\/fr\\\/wp-includes\\\/images\\\/media\\\/default.png\",\"width\":1140,\"height\":840,\"sizes\":{\"thumbnail\":\"https:\\\/\\\/monta.com\\\/app\\\/uploads\\\/sites\\\/21\\\/2025\\\/08\\\/Charging-on-the-go_02_03-150x150.png\",\"thumbnail-width\":150,\"thumbnail-height\":150,\"medium\":\"https:\\\/\\\/monta.com\\\/app\\\/uploads\\\/sites\\\/21\\\/2025\\\/08\\\/Charging-on-the-go_02_03-300x221.png\",\"medium-width\":300,\"medium-height\":221,\"medium_large\":\"https:\\\/\\\/monta.com\\\/app\\\/uploads\\\/sites\\\/21\\\/2025\\\/08\\\/Charging-on-the-go_02_03-768x566.png\",\"medium_large-width\":768,\"medium_large-height\":566,\"large\":\"https:\\\/\\\/monta.com\\\/app\\\/uploads\\\/sites\\\/21\\\/2025\\\/08\\\/Charging-on-the-go_02_03-1024x755.png\",\"large-width\":1024,\"large-height\":755,\"1536x1536\":\"https:\\\/\\\/monta.com\\\/app\\\/uploads\\\/sites\\\/21\\\/2025\\\/08\\\/Charging-on-the-go_02_03.png\",\"1536x1536-width\":1140,\"1536x1536-height\":840,\"2048x2048\":\"https:\\\/\\\/monta.com\\\/app\\\/uploads\\\/sites\\\/21\\\/2025\\\/08\\\/Charging-on-the-go_02_03.png\",\"2048x2048-width\":1140,\"2048x2048-height\":840}},\"category\":false}]},{\"tab_title\":\"3. G\\u00e9rer la recharge\",\"tab_items\":[{\"title\":\"Frais transparents\",\"description\":\"\\u003Cp\\u003EConnaissez tous les d\\u00e9tails de ce que vous paierez avant de facturer : la r\\u00e9partition des prix, notre part et qui fixe le prix. Nous sommes tr\\u00e8s attach\\u00e9s \\u00e0 la transparence, vous n\\u0026#8217;aurez donc jamais \\u00e0 vous soucier de frais cach\\u00e9s ou de co\\u00fbts d\\u0026#8217;abonnement.\\u003C\\\/p\\u003E\\n\",\"image\":{\"ID\":7329,\"id\":7329,\"title\":\"Titre de l\\u0027image : D\\u00e9tails des frais de recharge et d\\u0027inactivit\\u00e9 R\\u00e9sum\\u00e9 : Aper\\u00e7u des co\\u00fbts de recharge et frais associ\\u00e9s.\",\"filename\":\"Charging-on-the-go_03_01.png\",\"filesize\":235763,\"url\":\"https:\\\/\\\/monta.com\\\/app\\\/uploads\\\/sites\\\/21\\\/2025\\\/08\\\/Charging-on-the-go_03_01.png\",\"link\":\"https:\\\/\\\/monta.com\\\/fr\\\/monta-charge\\\/charging-on-the-go_03_01\\\/\",\"alt\":\"Informations de recharge sur fond noir : total 13,44 EUR, 28 kWh, frais de stationnement 1,30 EUR, frais d\\u0027inactivit\\u00e9 0,40 EUR\\\/min.\",\"author\":\"35\",\"description\":\"\",\"caption\":\"\",\"name\":\"charging-on-the-go_03_01\",\"status\":\"inherit\",\"uploaded_to\":5110,\"date\":\"2025-08-21 12:37:33\",\"modified\":\"2025-10-24 11:23:35\",\"menu_order\":0,\"mime_type\":\"image\\\/png\",\"type\":\"image\",\"subtype\":\"png\",\"icon\":\"https:\\\/\\\/monta.com\\\/fr\\\/wp-includes\\\/images\\\/media\\\/default.png\",\"width\":1140,\"height\":840,\"sizes\":{\"thumbnail\":\"https:\\\/\\\/monta.com\\\/app\\\/uploads\\\/sites\\\/21\\\/2025\\\/08\\\/Charging-on-the-go_03_01-150x150.png\",\"thumbnail-width\":150,\"thumbnail-height\":150,\"medium\":\"https:\\\/\\\/monta.com\\\/app\\\/uploads\\\/sites\\\/21\\\/2025\\\/08\\\/Charging-on-the-go_03_01-300x221.png\",\"medium-width\":300,\"medium-height\":221,\"medium_large\":\"https:\\\/\\\/monta.com\\\/app\\\/uploads\\\/sites\\\/21\\\/2025\\\/08\\\/Charging-on-the-go_03_01-768x566.png\",\"medium_large-width\":768,\"medium_large-height\":566,\"large\":\"https:\\\/\\\/monta.com\\\/app\\\/uploads\\\/sites\\\/21\\\/2025\\\/08\\\/Charging-on-the-go_03_01-1024x755.png\",\"large-width\":1024,\"large-height\":755,\"1536x1536\":\"https:\\\/\\\/monta.com\\\/app\\\/uploads\\\/sites\\\/21\\\/2025\\\/08\\\/Charging-on-the-go_03_01.png\",\"1536x1536-width\":1140,\"1536x1536-height\":840,\"2048x2048\":\"https:\\\/\\\/monta.com\\\/app\\\/uploads\\\/sites\\\/21\\\/2025\\\/08\\\/Charging-on-the-go_03_01.png\",\"2048x2048-width\":1140,\"2048x2048-height\":840}},\"category\":false},{\"title\":\"Suivi de vos paiements\",\"description\":\"\\u003Cp\\u003ESuivez toutes vos sessions de recharge et tous vos paiements. Visualisez toutes vos transactions en un seul endroit et gardez une trace de votre historique de charge.\\u003C\\\/p\\u003E\\n\",\"image\":{\"ID\":7330,\"id\":7330,\"title\":\"Tableau de consommation \\u00e9nerg\\u00e9tique d\\u0027avril 2025 avec co\\u00fbt et sessions.\",\"filename\":\"Charging-on-the-go_03_02.png\",\"filesize\":317143,\"url\":\"https:\\\/\\\/monta.com\\\/app\\\/uploads\\\/sites\\\/21\\\/2025\\\/08\\\/Charging-on-the-go_03_02.png\",\"link\":\"https:\\\/\\\/monta.com\\\/fr\\\/monta-charge\\\/charging-on-the-go_03_02\\\/\",\"alt\":\"Tableaux de donn\\u00e9es sur la consommation d\\u0027\\u00e9nergie : montant, kWh utilis\\u00e9s et total d\\u00e9pens\\u00e9, sur fond sombre avec un \\u00e9clairage bleu.\",\"author\":\"35\",\"description\":\"\",\"caption\":\"\",\"name\":\"charging-on-the-go_03_02\",\"status\":\"inherit\",\"uploaded_to\":5110,\"date\":\"2025-08-21 12:37:44\",\"modified\":\"2025-10-24 11:23:31\",\"menu_order\":0,\"mime_type\":\"image\\\/png\",\"type\":\"image\",\"subtype\":\"png\",\"icon\":\"https:\\\/\\\/monta.com\\\/fr\\\/wp-includes\\\/images\\\/media\\\/default.png\",\"width\":1140,\"height\":840,\"sizes\":{\"thumbnail\":\"https:\\\/\\\/monta.com\\\/app\\\/uploads\\\/sites\\\/21\\\/2025\\\/08\\\/Charging-on-the-go_03_02-150x150.png\",\"thumbnail-width\":150,\"thumbnail-height\":150,\"medium\":\"https:\\\/\\\/monta.com\\\/app\\\/uploads\\\/sites\\\/21\\\/2025\\\/08\\\/Charging-on-the-go_03_02-300x221.png\",\"medium-width\":300,\"medium-height\":221,\"medium_large\":\"https:\\\/\\\/monta.com\\\/app\\\/uploads\\\/sites\\\/21\\\/2025\\\/08\\\/Charging-on-the-go_03_02-768x566.png\",\"medium_large-width\":768,\"medium_large-height\":566,\"large\":\"https:\\\/\\\/monta.com\\\/app\\\/uploads\\\/sites\\\/21\\\/2025\\\/08\\\/Charging-on-the-go_03_02-1024x755.png\",\"large-width\":1024,\"large-height\":755,\"1536x1536\":\"https:\\\/\\\/monta.com\\\/app\\\/uploads\\\/sites\\\/21\\\/2025\\\/08\\\/Charging-on-the-go_03_02.png\",\"1536x1536-width\":1140,\"1536x1536-height\":840,\"2048x2048\":\"https:\\\/\\\/monta.com\\\/app\\\/uploads\\\/sites\\\/21\\\/2025\\\/08\\\/Charging-on-the-go_03_02.png\",\"2048x2048-width\":1140,\"2048x2048-height\":840}},\"category\":false},{\"title\":\"Exportation facile\",\"description\":\"\\u003Cp\\u003EExportez facilement vos re\\u00e7us et vos factures et ne vous souciez plus jamais des re\\u00e7us \\u00e9gar\\u00e9s.\\u003C\\\/p\\u003E\\n\",\"image\":{\"ID\":7331,\"id\":7331,\"title\":\"Titre de l\\u0027image : Re\\u00e7u de recharge \\u00e9lectrique - Monta Charge R\\u00e9sum\\u00e9 : D\\u00e9tails de la recharge : 28 kWh, 13,44 EUR, dur\\u00e9e 1h12.\",\"filename\":\"Charging-on-the-go_03_03.png\",\"filesize\":207361,\"url\":\"https:\\\/\\\/monta.com\\\/app\\\/uploads\\\/sites\\\/21\\\/2025\\\/08\\\/Charging-on-the-go_03_03.png\",\"link\":\"https:\\\/\\\/monta.com\\\/fr\\\/monta-charge\\\/charging-on-the-go_03_03\\\/\",\"alt\":\"\\u00c9cran sombre affichant une recharge termin\\u00e9e avec des informations sur la consommation (28 kWh), le prix (13,44 EUR) et la dur\\u00e9e (1h12m16s).\",\"author\":\"35\",\"description\":\"\",\"caption\":\"\",\"name\":\"charging-on-the-go_03_03\",\"status\":\"inherit\",\"uploaded_to\":5110,\"date\":\"2025-08-21 12:37:59\",\"modified\":\"2025-10-24 11:23:27\",\"menu_order\":0,\"mime_type\":\"image\\\/png\",\"type\":\"image\",\"subtype\":\"png\",\"icon\":\"https:\\\/\\\/monta.com\\\/fr\\\/wp-includes\\\/images\\\/media\\\/default.png\",\"width\":1140,\"height\":840,\"sizes\":{\"thumbnail\":\"https:\\\/\\\/monta.com\\\/app\\\/uploads\\\/sites\\\/21\\\/2025\\\/08\\\/Charging-on-the-go_03_03-150x150.png\",\"thumbnail-width\":150,\"thumbnail-height\":150,\"medium\":\"https:\\\/\\\/monta.com\\\/app\\\/uploads\\\/sites\\\/21\\\/2025\\\/08\\\/Charging-on-the-go_03_03-300x221.png\",\"medium-width\":300,\"medium-height\":221,\"medium_large\":\"https:\\\/\\\/monta.com\\\/app\\\/uploads\\\/sites\\\/21\\\/2025\\\/08\\\/Charging-on-the-go_03_03-768x566.png\",\"medium_large-width\":768,\"medium_large-height\":566,\"large\":\"https:\\\/\\\/monta.com\\\/app\\\/uploads\\\/sites\\\/21\\\/2025\\\/08\\\/Charging-on-the-go_03_03-1024x755.png\",\"large-width\":1024,\"large-height\":755,\"1536x1536\":\"https:\\\/\\\/monta.com\\\/app\\\/uploads\\\/sites\\\/21\\\/2025\\\/08\\\/Charging-on-the-go_03_03.png\",\"1536x1536-width\":1140,\"1536x1536-height\":840,\"2048x2048\":\"https:\\\/\\\/monta.com\\\/app\\\/uploads\\\/sites\\\/21\\\/2025\\\/08\\\/Charging-on-the-go_03_03.png\",\"2048x2048-width\":1140,\"2048x2048-height\":840}},\"category\":false}]}]' bg=\"black\" timeline=\"false\"\/>\n    <\/div>\n    <\/section>\n\n<section aria-label=\"Un design inclusif pour chaque conducteur de VE\" class=\"\">\n    <div class=\"md:grid md:grid-cols-12\">\n        <div class=\"md:col-span-5 md:grid mb-8 md:mb-0\">\n             <h2  class=\"mb-8\">Un design inclusif pour chaque conducteur de VE  <\/h2>             <div class=\"mb-8 intro md:hidden block rich-text\"><p>Chez Monta, nous avons \u00e0 c\u0153ur de faciliter la vie de chaque conducteur de VE gr\u00e2ce \u00e0 un design inclusif. Nos outils d\u2019aide autonome couvrent tout, de l\u2019ajout d\u2019une borne de recharge \u00e0 la r\u00e9solution d\u2019un probl\u00e8me technique.<\/p>\n<\/div>\n            <img decoding=\"async\" class=\"md:self-end md:mx-0 mx-auto md:w-auto max-w-2\/3\" src=\"https:\/\/monta.com\/wp-content\/uploads\/2025\/06\/icon_circle-abstract-1.svg\" title=\"icon_circle-abstract-1\" alt=\"\" \/>\n        <\/div>\n        <div class=\"md:col-start-7 md:col-span-6\">\n            <div class=\"mb-17 intro hidden md:block rich-text\"><p>Chez Monta, nous avons \u00e0 c\u0153ur de faciliter la vie de chaque conducteur de VE gr\u00e2ce \u00e0 un design inclusif. Nos outils d\u2019aide autonome couvrent tout, de l\u2019ajout d\u2019une borne de recharge \u00e0 la r\u00e9solution d\u2019un probl\u00e8me technique.<\/p>\n<\/div>\n                        <div class=\"border-l border-primary-blue pl-8\">\n                <div class=\"quote mb-10\">\u00ab Gr\u00e2ce \u00e0 nos 5 000 utilisateurs b\u00eata et au soutien d\u2019une communaut\u00e9 toujours croissante, nous pouvons affiner et am\u00e9liorer sans cesse l\u2019exp\u00e9rience Monta. Cet effort collectif fait de Monta Charge le compagnon num\u00e9rique sur lequel tout conducteur de VE peut compter. \u00bb\r\n<\/div>\n                <div class=\"flex\">\n                    <div class=\"mr-5\">\n                        <img decoding=\"async\" class=\"rounded-lg max-h-30\" src=\"https:\/\/monta.com\/wp-content\/uploads\/2025\/06\/portrait_sofie-engell.webp\" title=\"portrait_sofie-engell\" alt=\"\" \/>\n                    <\/div>\n                    <div class=\"self-end\">\n                        <div class=\"text-primary-blue\">Sofie Engell<\/div>\n                        <div class=\"text-dark-grey\">Responsable du design produits<\/div>\n                    <\/div>\n                <\/div>\n            <\/div>\n                    <\/div>\n    <\/div>\n<\/section>\n\n<section aria-label=\"Avantages et inconv\u00e9nients des applications de recharge en marque blanche\" class=\"bg-grey text-black  rounded-section\" >\n    <div class=\"grid grid-cols-1 md:grid-cols-12 gap-12 items-center\">\n                <div class=\"md:col-span-5\">\n                                    <div class=\"pill-label mb-8 \">\n                Livre blanc            <\/div>\n                                                    <h2 class=\"h2 mb-10 \">\n                    Avantages et inconv\u00e9nients des applications de recharge en marque blanche                <\/h2>\n                                                <div class=\"md:hidden block mb-10 \">\n                                    <img decoding=\"async\" title=\"WP_cover_whitelabel apps _FR\" alt=\"\" src=\"https:\/\/monta.com\/wp-content\/uploads\/2025\/08\/WP_cover_whitelabel-apps-_FR.png\" \/>\n                                                            <\/div>\n                        <div class=\"rich-text \">\n                <p>D\u00e9couvrez l&#8217;essentiel avant de lancer une application en marque blanche : paysage mobile actuel, d\u00e9fis et fonctionnalit\u00e9s cl\u00e9s, et options avanc\u00e9es des applications CPMS et EMSP.<\/p>\n\n            <\/div>\n                                    <a href=\"https:\/\/monta.com\/fr\/telechargements\/avantages-et-inconvenients-des-applications-de-recharge-en-marque-blanche\/\" class=\"btn-primary-blue mt-8\">\n                T\u00e9l\u00e9charger gratuitement            <\/a>\n                                            <\/div>\n                <div class=\"md:col-span-6 md:col-start-7 justify-items-end hidden md:block\">\n                            <img decoding=\"async\" title=\"WP_cover_whitelabel apps _FR\" class=\"mx-auto max-h-144\" alt=\"\"\n                    src=\"https:\/\/monta.com\/wp-content\/uploads\/2025\/08\/WP_cover_whitelabel-apps-_FR.png\" \/>\n                                            <\/div>\n            <\/div>\n<\/section>\n\n\n\n<section aria-label=\"T\u00e9l\u00e9charger notre application pour les conducteurs de VE\" class=\" md:mx-15 md:px-26 py-10 rounded-section bg-primary-blue md:flex md:items-center md:justify-between\">\n    <h3 class=\"text-random-fade text-white mb-5 md:mb-0 mr-0 md:mr-20\">T\u00e9l\u00e9charger notre application pour les conducteurs de VE<\/h3>\n            <div class=\"flex gap-2\"><a href=\"https:\/\/apps.apple.com\/da\/app\/monta-ev-charging\/id1535789146\" target=\"_blank\" rel=\"noopener\"><img loading=\"lazy\" decoding=\"async\" class=\"alignnone size-full wp-image-241\" src=\"https:\/\/monta.com\/app\/uploads\/sites\/21\/2025\/08\/app-store-fr.svg\" alt=\"app store logo\" width=\"138\" height=\"46\" \/><\/a><a href=\"https:\/\/play.google.com\/store\/apps\/details?id=com.montaapp.monta&amp;hl=en&amp;gl=US&amp;pli=1\" target=\"_blank\" rel=\"noopener\"><img loading=\"lazy\" decoding=\"async\" class=\"alignnone size-medium wp-image-242\" src=\"https:\/\/monta.com\/app\/uploads\/sites\/21\/2025\/08\/google-play-fr.svg\" alt=\"google play logo\" width=\"150\" height=\"46\" \/><\/a><\/div>\n    <\/section>","protected":false},"excerpt":{"rendered":"","protected":false},"author":35,"featured_media":0,"parent":0,"menu_order":0,"comment_status":"closed","ping_status":"closed","template":"","meta":{"_acf_changed":false,"inline_featured_image":false,"footnotes":""},"class_list":["post-5110","page","type-page","status-publish","hentry"],"acf":[],"_links":{"self":[{"href":"https:\/\/monta.com\/fr\/wp-json\/wp\/v2\/pages\/5110","targetHints":{"allow":["GET"]}}],"collection":[{"href":"https:\/\/monta.com\/fr\/wp-json\/wp\/v2\/pages"}],"about":[{"href":"https:\/\/monta.com\/fr\/wp-json\/wp\/v2\/types\/page"}],"author":[{"embeddable":true,"href":"https:\/\/monta.com\/fr\/wp-json\/wp\/v2\/users\/35"}],"replies":[{"embeddable":true,"href":"https:\/\/monta.com\/fr\/wp-json\/wp\/v2\/comments?post=5110"}],"version-history":[{"count":40,"href":"https:\/\/monta.com\/fr\/wp-json\/wp\/v2\/pages\/5110\/revisions"}],"predecessor-version":[{"id":7638,"href":"https:\/\/monta.com\/fr\/wp-json\/wp\/v2\/pages\/5110\/revisions\/7638"}],"wp:attachment":[{"href":"https:\/\/monta.com\/fr\/wp-json\/wp\/v2\/media?parent=5110"}],"curies":[{"name":"wp","href":"https:\/\/api.w.org\/{rel}","templated":true}]}}